{"id":2639,"date":"2021-08-16T19:37:17","date_gmt":"2021-08-16T19:37:17","guid":{"rendered":"https:\/\/ebikedoki.hu\/?page_id=2639"},"modified":"2025-06-22T09:26:58","modified_gmt":"2025-06-22T09:26:58","slug":"fooldal","status":"publish","type":"page","link":"https:\/\/ebikedoki.hu\/en\/","title":{"rendered":"E-bike szerv\u00edz @ Balatonalm\u00e1di"},"content":{"rendered":"<p>[et_pb_section fb_built=&#8221;1&#8243; _builder_version=&#8221;4.17.6&#8243; _module_preset=&#8221;default&#8221; width=&#8221;100%&#8221; max_width=&#8221;100%&#8221; module_alignment=&#8221;right&#8221; min_height=&#8221;418px&#8221; custom_padding=&#8221;0px||0px|||&#8221; global_colors_info=&#8221;{}&#8221;][et_pb_row _builder_version=&#8221;4.16&#8243; _module_preset=&#8221;default&#8221; width=&#8221;100%&#8221; max_width=&#8221;100%&#8221; custom_padding=&#8221;0px||2px|||&#8221; global_colors_info=&#8221;{}&#8221;][et_pb_column type=&#8221;4_4&#8243; _builder_version=&#8221;4.16&#8243; _module_preset=&#8221;default&#8221; global_colors_info=&#8221;{}&#8221;][et_pb_slider module_id=&#8221;slider&#8221; _builder_version=&#8221;4.17.6&#8243; _module_preset=&#8221;default&#8221; width=&#8221;100%&#8221; max_width=&#8221;100%&#8221; module_alignment=&#8221;center&#8221; custom_margin=&#8221;||50px|||&#8221; global_colors_info=&#8221;{}&#8221;][et_pb_slide _builder_version=&#8221;4.17.6&#8243; _module_preset=&#8221;default&#8221; background_enable_color=&#8221;off&#8221; background_image=&#8221;https:\/\/ebikedoki.hu\/wp-content\/uploads\/2025\/06\/ecd4e2aa-99be-4851-8f85-7e068c1a1acd.webp&#8221; background_enable_image=&#8221;on&#8221; parallax=&#8221;on&#8221; global_colors_info=&#8221;{}&#8221; sticky_transition=&#8221;on&#8221;]<\/p>\n<p><!--<\/p>\n\n\n\n\n<h2 style=\"font-size: 3em;\">Hagyom\u00e1nyos \u00e9s<\/p>\n\n\n\n\n<p>e-BIKE szerv\u00edz<\/p>\n\n\n\n\n<p>@ Balatonalm\u00e1di<\/h2>\n\n\n\n\n<p>--><\/p>\n<h2>Ebike v\u00e1s\u00e1rl\u00e1s el\u0151tt vagy?<br \/>N\u00e9zesd \u00e1t egy profi szerel\u0151vel<br \/>&#8211; ott, ahol a bringa van.<\/h2>\n<p>[\/et_pb_slide][\/et_pb_slider][\/et_pb_column][\/et_pb_row][\/et_pb_section][et_pb_section fb_built=&#8221;1&#8243; module_id=&#8221;szolgaltatasok&#8221; module_class=&#8221;szolgaltatasok&#8221; _builder_version=&#8221;4.17.5&#8243; _module_preset=&#8221;default&#8221; background_color=&#8221;#f7f7f7&#8243; custom_margin=&#8221;||22px|||&#8221; hover_transition_duration=&#8221;0ms&#8221; motion_trigger_start=&#8221;top&#8221; global_colors_info=&#8221;{}&#8221;][et_pb_row module_id=&#8221;main-services&#8221; _builder_version=&#8221;4.17.6&#8243; _module_preset=&#8221;default&#8221; custom_padding=&#8221;|||10px||&#8221; hover_transition_duration=&#8221;0ms&#8221; motion_trigger_start=&#8221;top&#8221; hover_enabled=&#8221;0&#8243; global_colors_info=&#8221;{}&#8221; sticky_enabled=&#8221;0&#8243;][et_pb_column type=&#8221;4_4&#8243; _builder_version=&#8221;4.17.6&#8243; _module_preset=&#8221;default&#8221; hover_enabled=&#8221;0&#8243; global_colors_info=&#8221;{}&#8221; sticky_enabled=&#8221;0&#8243;][et_pb_text _builder_version=&#8221;4.17.6&#8243; _module_preset=&#8221;default&#8221; hover_transition_duration=&#8221;0ms&#8221; hover_enabled=&#8221;0&#8243; global_colors_info=&#8221;{}&#8221; sticky_enabled=&#8221;0&#8243; custom_margin=&#8221;50px||||false|false&#8221;]<\/p>\n<h3>Mi ez a szolg\u00e1ltat\u00e1s?<\/h3>\n<p><span style=\"font-weight: 400;\">Ha haszn\u00e1lt elektromos ker\u00e9kp\u00e1rt v\u00e1s\u00e1roln\u00e1l, de nem akarsz zs\u00e1kbamacsk\u00e1t venni, h\u00edvj minket, \u00e9s mi h\u00e1zhoz megy\u00fcnk, hogy szakmailag \u00e1tvizsg\u00e1ljuk a bring\u00e1t \u2013 pontosan \u00fagy, mint egy m\u0171szaki ellen\u0151r vagy mobil gumis.<\/span><\/p>\n<h3>Mit ellen\u0151rz\u00fcnk?<\/h3>\n<ul>\n<li style=\"font-weight: 400;\" aria-level=\"1\"><span style=\"font-weight: 400;\">A motor \u00e9s az akkumul\u00e1tor \u00e1llapota \u2013 szoftveres diagnosztik\u00e1val<\/span><\/li>\n<li style=\"font-weight: 400;\" aria-level=\"1\"><span style=\"font-weight: 400;\">Kop\u00f3 alkatr\u00e9szek (f\u00e9kek, l\u00e1nc, fogaskoszor\u00fa) \u00e1llapota<\/span><\/li>\n<li style=\"font-weight: 400;\" aria-level=\"1\"><span style=\"font-weight: 400;\">V\u00e1zs\u00e9r\u00fcl\u00e9sek, rejtett hib\u00e1k<\/span><\/li>\n<li style=\"font-weight: 400;\" aria-level=\"1\"><span style=\"font-weight: 400;\">Val\u00f3ban azt kapod-e, amit \u00edg\u00e9rtek?<\/span><\/li>\n<\/ul>\n<h3>Mi\u00e9rt j\u00f3 ez neked?<\/h3>\n<ul>\n<li><span style=\"font-weight: 400;\">Hivatalos diagnosztik\u00e1t kapsz Bosch vagy Shimano t\u00edpusokr\u00f3l<\/span><\/li>\n<li><span style=\"font-weight: 400;\">\u00a0Elker\u00fclheted a rossz v\u00e1s\u00e1rl\u00e1st<\/span><\/li>\n<li><span style=\"font-weight: 400;\">Megtudod, mennyit kell m\u00e9g r\u00e1k\u00f6ltened<\/span><\/li>\n<li><span style=\"font-weight: 400;\"><\/span><span style=\"font-weight: 400;\">Alkudhatsz a felm\u00e9r\u00e9s eredm\u00e9nye alapj\u00e1n<\/span><\/li>\n<li><span style=\"font-weight: 400;\"><\/span><span style=\"font-weight: 400;\">Biztos lehetsz benne, hogy nem egy kor\u00e1bban le\u00e9lt bring\u00e1t veszel meg<\/span><\/li>\n<li><span style=\"font-weight: 400;\"><\/span><span style=\"font-weight: 400;\">Seg\u00edt\u00fcnk eld\u00f6nteni, hogy meg\u00e9ri-e az \u00e1r\u00e1t<\/span><\/li>\n<\/ul>\n<h3>Hogyan m\u0171k\u00f6dik?<\/h3>\n<ol>\n<li style=\"font-weight: 400;\" aria-level=\"1\"><span style=\"font-weight: 400;\">Felveszed vel\u00fcnk a kapcsolatot<\/span><\/li>\n<li style=\"font-weight: 400;\" aria-level=\"1\"><span style=\"font-weight: 400;\">Megadod a bringa helysz\u00edn\u00e9t \u00e9s adatait<\/span><\/li>\n<li style=\"font-weight: 400;\" aria-level=\"1\"><span style=\"font-weight: 400;\">Mi id\u0151pontot egyeztet\u00fcnk \u00e9s odamegy\u00fcnk<\/span><\/li>\n<li style=\"font-weight: 400;\" aria-level=\"1\"><span style=\"font-weight: 400;\">A helysz\u00ednen mindent \u00e1tn\u00e9z\u00fcnk \u00e9s elmondjuk \u0151szint\u00e9n, mit tal\u00e1ltunk<\/span><\/li>\n<\/ol>\n<h3>Hol \u00e9rhet\u0151 el?<\/h3>\n<p><span style=\"font-weight: 400;\">\ud83d\udccd <\/span><b>Eg\u00e9sz Magyarorsz\u00e1gon<\/b><b><br \/><\/b><span style=\"font-weight: 400;\">Balatonalm\u00e1dib\u00f3l vagy esetenk\u00e9nt Budapestr\u0151l indulunk. Kisz\u00e1ll\u00e1si d\u00edj: egyeztet\u00e9s szerint<\/span><\/p>\n<h3>\u00c1rak<\/h3>\n<ul>\n<li style=\"font-weight: 400;\" aria-level=\"1\"><span style=\"font-weight: 400;\">(Alap) <\/span><span style=\"font-weight: 400;\">Hagyom\u00e1nyos ker\u00e9kp\u00e1rn\u00e1l<\/span><span style=\"font-weight: 400;\"> \u00e1llapotfelm\u00e9r\u00e9s: 15.000\u00a0 Ft<\/span><\/li>\n<li style=\"font-weight: 400;\" aria-level=\"1\"><span style=\"font-weight: 400;\">E-Bike, Di2( Bosch, Shimano )<\/span><span style=\"font-weight: 400;\"> szoftveres diagnosztika + mechanikus alkatr\u00e9szek \u00e1tvizsg\u00e1l\u00e1sa: 29.000 Ft<\/span><\/li>\n<li style=\"font-weight: 400;\" aria-level=\"1\">+ \u00datik\u00f6lts\u00e9g: <span>megbesz\u00e9l\u00e9s szerint<\/span><\/li>\n<\/ul>\n<h3>Kapcsolat<\/h3>\n<p>Id\u0151pontfoglal\u00e1s kiz\u00e1r\u00f3lag telefonon: +36 30 <span>977 0702<\/span><\/p>\n<p>Id\u0151pontfoglal\u00e1s <strong>telefonon<\/strong>: +3630 977 0702<\/p>\n<p><span style=\"font-weight: 400;\"><\/span><\/p>\n<p>[\/et_pb_text][\/et_pb_column][\/et_pb_row][\/et_pb_section]<\/p>\n","protected":false},"excerpt":{"rendered":"<p>Ebike v\u00e1s\u00e1rl\u00e1s el\u0151tt vagy?N\u00e9zesd \u00e1t egy profi szerel\u0151vel- ott, ahol a bringa van.Mi ez a szolg\u00e1ltat\u00e1s? Ha haszn\u00e1lt elektromos ker\u00e9kp\u00e1rt v\u00e1s\u00e1roln\u00e1l, de nem akarsz zs\u00e1kbamacsk\u00e1t venni, h\u00edvj minket, \u00e9s mi h\u00e1zhoz megy\u00fcnk, hogy szakmailag \u00e1tvizsg\u00e1ljuk a bring\u00e1t \u2013 pontosan \u00fagy, mint egy m\u0171szaki ellen\u0151r vagy mobil gumis. Mit ellen\u0151rz\u00fcnk? A motor \u00e9s az akkumul\u00e1tor \u00e1llapota \u2013 szoftveres diagnosztik\u00e1val Kop\u00f3 alkatr\u00e9szek (f\u00e9kek, l\u00e1nc, fogaskoszor\u00fa) \u00e1llapota V\u00e1zs\u00e9r\u00fcl\u00e9sek, rejtett hib\u00e1k Val\u00f3ban azt kapod-e, amit \u00edg\u00e9rtek? Mi\u00e9rt j\u00f3 ez neked? Hivatalos diagnosztik\u00e1t kapsz Bosch vagy Shimano t\u00edpusokr\u00f3l \u00a0Elker\u00fclheted a rossz v\u00e1s\u00e1rl\u00e1st Megtudod, mennyit kell m\u00e9g r\u00e1k\u00f6ltened Alkudhatsz a felm\u00e9r\u00e9s eredm\u00e9nye alapj\u00e1n Biztos lehetsz benne, hogy nem egy kor\u00e1bban le\u00e9lt bring\u00e1t veszel meg Seg\u00edt\u00fcnk eld\u00f6nteni, hogy meg\u00e9ri-e az \u00e1r\u00e1t Hogyan m\u0171k\u00f6dik? Felveszed vel\u00fcnk a kapcsolatot Megadod a bringa helysz\u00edn\u00e9t \u00e9s adatait Mi id\u0151pontot egyeztet\u00fcnk \u00e9s odamegy\u00fcnk A helysz\u00ednen mindent \u00e1tn\u00e9z\u00fcnk \u00e9s elmondjuk \u0151szint\u00e9n, mit tal\u00e1ltunk Hol \u00e9rhet\u0151 el? \ud83d\udccd Eg\u00e9sz Magyarorsz\u00e1gonBalatonalm\u00e1dib\u00f3l vagy esetenk\u00e9nt Budapestr\u0151l indulunk. Kisz\u00e1ll\u00e1si d\u00edj: egyeztet\u00e9s szerint \u00c1rak (Alap) Hagyom\u00e1nyos ker\u00e9kp\u00e1rn\u00e1l \u00e1llapotfelm\u00e9r\u00e9s: 15.000\u00a0 Ft E-Bike, Di2( Bosch, Shimano ) szoftveres diagnosztika + mechanikus alkatr\u00e9szek \u00e1tvizsg\u00e1l\u00e1sa: 29.000 Ft + \u00datik\u00f6lts\u00e9g: megbesz\u00e9l\u00e9s szerint Kapcsolat Id\u0151pontfoglal\u00e1s kiz\u00e1r\u00f3lag telefonon: +36 30 977 0702 Id\u0151pontfoglal\u00e1s telefonon: +3630 977 0702<\/p>","protected":false},"author":1,"featured_media":0,"parent":0,"menu_order":0,"comment_status":"closed","ping_status":"closed","template":"","meta":{"_et_pb_use_builder":"on","_et_pb_old_content":"","_et_gb_content_width":"","inline_featured_image":false,"footnotes":""},"class_list":["post-2639","page","type-page","status-publish","hentry"],"yoast_head":"<!-- This site is optimized with the Yoast SEO Premium plugin v25.3.1 (Yoast SEO v27.5) - https:\/\/yoast.com\/product\/yoast-seo-premium-wordpress\/ -->\n<title>E-bike szerv\u00edz @ Balatonalm\u00e1di - E-bikepont<\/title>\n<meta name=\"description\" content=\"Az \u00e9n kedvenc ad\u00f3m az \u00c1FA. \u00c9s az \u00d6n\u00e9? Ad\u00f3szak\u00e9rt\u00e9s, ad\u00f3tan\u00e1csad\u00e1s a forgalmi \u00e9s j\u00f6vedelemad\u00f3k (SZJA, t\u00e1rsas\u00e1gi, ipar\u0171z\u00e9si ad\u00f3) ter\u00fclet\u00e9n, t\u00f6bb \u00e9ves gyakorlattal\" \/>\n<meta name=\"robots\" content=\"index, follow, max-snippet:-1, max-image-preview:large, max-video-preview:-1\" \/>\n<link rel=\"canonical\" href=\"https:\/\/ebikedoki.hu\/en\/\" \/>\n<meta property=\"og:locale\" content=\"en_US\" \/>\n<meta property=\"og:type\" content=\"article\" \/>\n<meta property=\"og:title\" content=\"E-bike szerv\u00edz @ Balatonalm\u00e1di\" \/>\n<meta property=\"og:description\" content=\"Az \u00e9n kedvenc ad\u00f3m az \u00c1FA. \u00c9s az \u00d6n\u00e9? Ad\u00f3szak\u00e9rt\u00e9s, ad\u00f3tan\u00e1csad\u00e1s a forgalmi \u00e9s j\u00f6vedelemad\u00f3k (SZJA, t\u00e1rsas\u00e1gi, ipar\u0171z\u00e9si ad\u00f3) ter\u00fclet\u00e9n, t\u00f6bb \u00e9ves gyakorlattal\" \/>\n<meta property=\"og:url\" content=\"https:\/\/ebikedoki.hu\/en\/\" \/>\n<meta property=\"og:site_name\" content=\"E-bikepont\" \/>\n<meta property=\"article:publisher\" content=\"https:\/\/www.facebook.com\/ebikepont\" \/>\n<meta property=\"article:modified_time\" content=\"2025-06-22T09:26:58+00:00\" \/>\n<meta name=\"twitter:card\" content=\"summary_large_image\" \/>\n<meta name=\"twitter:label1\" content=\"Est. reading time\" \/>\n\t<meta name=\"twitter:data1\" content=\"8 minutes\" \/>\n<script type=\"application\/ld+json\" class=\"yoast-schema-graph\">{\"@context\":\"https:\\\/\\\/schema.org\",\"@graph\":[{\"@type\":\"WebPage\",\"@id\":\"https:\\\/\\\/ebikedoki.hu\\\/\",\"url\":\"https:\\\/\\\/ebikedoki.hu\\\/\",\"name\":\"E-bike szerv\u00edz @ Balatonalm\u00e1di - E-bikepont\",\"isPartOf\":{\"@id\":\"https:\\\/\\\/ebikedoki.hu\\\/#website\"},\"datePublished\":\"2021-08-16T19:37:17+00:00\",\"dateModified\":\"2025-06-22T09:26:58+00:00\",\"description\":\"Az \u00e9n kedvenc ad\u00f3m az \u00c1FA. \u00c9s az \u00d6n\u00e9? Ad\u00f3szak\u00e9rt\u00e9s, ad\u00f3tan\u00e1csad\u00e1s a forgalmi \u00e9s j\u00f6vedelemad\u00f3k (SZJA, t\u00e1rsas\u00e1gi, ipar\u0171z\u00e9si ad\u00f3) ter\u00fclet\u00e9n, t\u00f6bb \u00e9ves gyakorlattal\",\"breadcrumb\":{\"@id\":\"https:\\\/\\\/ebikedoki.hu\\\/#breadcrumb\"},\"inLanguage\":\"en-US\",\"potentialAction\":[{\"@type\":\"ReadAction\",\"target\":[\"https:\\\/\\\/ebikedoki.hu\\\/\"]}]},{\"@type\":\"BreadcrumbList\",\"@id\":\"https:\\\/\\\/ebikedoki.hu\\\/#breadcrumb\",\"itemListElement\":[{\"@type\":\"ListItem\",\"position\":1,\"name\":\"Home\",\"item\":\"https:\\\/\\\/ebikedoki.hu\\\/\"},{\"@type\":\"ListItem\",\"position\":2,\"name\":\"E-bike szerv\u00edz @ Balatonalm\u00e1di\"}]},{\"@type\":\"WebSite\",\"@id\":\"https:\\\/\\\/ebikedoki.hu\\\/#website\",\"url\":\"https:\\\/\\\/ebikedoki.hu\\\/\",\"name\":\"E-bikepont\",\"description\":\"Balatonalm\u00e1di hagyom\u00e1nyos \u00e9s ebike szerv\u00edz\",\"publisher\":{\"@id\":\"https:\\\/\\\/ebikedoki.hu\\\/#organization\"},\"potentialAction\":[{\"@type\":\"SearchAction\",\"target\":{\"@type\":\"EntryPoint\",\"urlTemplate\":\"https:\\\/\\\/ebikedoki.hu\\\/?s={search_term_string}\"},\"query-input\":{\"@type\":\"PropertyValueSpecification\",\"valueRequired\":true,\"valueName\":\"search_term_string\"}}],\"inLanguage\":\"en-US\"},{\"@type\":\"Organization\",\"@id\":\"https:\\\/\\\/ebikedoki.hu\\\/#organization\",\"name\":\"Ebikepont\",\"url\":\"https:\\\/\\\/ebikedoki.hu\\\/\",\"logo\":{\"@type\":\"ImageObject\",\"inLanguage\":\"en-US\",\"@id\":\"https:\\\/\\\/ebikedoki.hu\\\/#\\\/schema\\\/logo\\\/image\\\/\",\"url\":\"https:\\\/\\\/ebikedoki.hu\\\/wp-content\\\/uploads\\\/2022\\\/06\\\/logo05.png\",\"contentUrl\":\"https:\\\/\\\/ebikedoki.hu\\\/wp-content\\\/uploads\\\/2022\\\/06\\\/logo05.png\",\"width\":2912,\"height\":610,\"caption\":\"Ebikepont\"},\"image\":{\"@id\":\"https:\\\/\\\/ebikedoki.hu\\\/#\\\/schema\\\/logo\\\/image\\\/\"},\"sameAs\":[\"https:\\\/\\\/www.facebook.com\\\/ebikepont\"]}]}<\/script>\n<!-- \/ Yoast SEO Premium plugin. -->","yoast_head_json":{"title":"E-bike szerv\u00edz @ Balatonalm\u00e1di - E-bikepont","description":"Az \u00e9n kedvenc ad\u00f3m az \u00c1FA. \u00c9s az \u00d6n\u00e9? Ad\u00f3szak\u00e9rt\u00e9s, ad\u00f3tan\u00e1csad\u00e1s a forgalmi \u00e9s j\u00f6vedelemad\u00f3k (SZJA, t\u00e1rsas\u00e1gi, ipar\u0171z\u00e9si ad\u00f3) ter\u00fclet\u00e9n, t\u00f6bb \u00e9ves gyakorlattal","robots":{"index":"index","follow":"follow","max-snippet":"max-snippet:-1","max-image-preview":"max-image-preview:large","max-video-preview":"max-video-preview:-1"},"canonical":"https:\/\/ebikedoki.hu\/en\/","og_locale":"en_US","og_type":"article","og_title":"E-bike szerv\u00edz @ Balatonalm\u00e1di","og_description":"Az \u00e9n kedvenc ad\u00f3m az \u00c1FA. \u00c9s az \u00d6n\u00e9? Ad\u00f3szak\u00e9rt\u00e9s, ad\u00f3tan\u00e1csad\u00e1s a forgalmi \u00e9s j\u00f6vedelemad\u00f3k (SZJA, t\u00e1rsas\u00e1gi, ipar\u0171z\u00e9si ad\u00f3) ter\u00fclet\u00e9n, t\u00f6bb \u00e9ves gyakorlattal","og_url":"https:\/\/ebikedoki.hu\/en\/","og_site_name":"E-bikepont","article_publisher":"https:\/\/www.facebook.com\/ebikepont","article_modified_time":"2025-06-22T09:26:58+00:00","twitter_card":"summary_large_image","twitter_misc":{"Est. reading time":"8 minutes"},"schema":{"@context":"https:\/\/schema.org","@graph":[{"@type":"WebPage","@id":"https:\/\/ebikedoki.hu\/","url":"https:\/\/ebikedoki.hu\/","name":"E-bike szerv\u00edz @ Balatonalm\u00e1di - E-bikepont","isPartOf":{"@id":"https:\/\/ebikedoki.hu\/#website"},"datePublished":"2021-08-16T19:37:17+00:00","dateModified":"2025-06-22T09:26:58+00:00","description":"Az \u00e9n kedvenc ad\u00f3m az \u00c1FA. \u00c9s az \u00d6n\u00e9? Ad\u00f3szak\u00e9rt\u00e9s, ad\u00f3tan\u00e1csad\u00e1s a forgalmi \u00e9s j\u00f6vedelemad\u00f3k (SZJA, t\u00e1rsas\u00e1gi, ipar\u0171z\u00e9si ad\u00f3) ter\u00fclet\u00e9n, t\u00f6bb \u00e9ves gyakorlattal","breadcrumb":{"@id":"https:\/\/ebikedoki.hu\/#breadcrumb"},"inLanguage":"en-US","potentialAction":[{"@type":"ReadAction","target":["https:\/\/ebikedoki.hu\/"]}]},{"@type":"BreadcrumbList","@id":"https:\/\/ebikedoki.hu\/#breadcrumb","itemListElement":[{"@type":"ListItem","position":1,"name":"Home","item":"https:\/\/ebikedoki.hu\/"},{"@type":"ListItem","position":2,"name":"E-bike szerv\u00edz @ Balatonalm\u00e1di"}]},{"@type":"WebSite","@id":"https:\/\/ebikedoki.hu\/#website","url":"https:\/\/ebikedoki.hu\/","name":"E-bikepont","description":"Balatonalm\u00e1di hagyom\u00e1nyos \u00e9s ebike szerv\u00edz","publisher":{"@id":"https:\/\/ebikedoki.hu\/#organization"},"potentialAction":[{"@type":"SearchAction","target":{"@type":"EntryPoint","urlTemplate":"https:\/\/ebikedoki.hu\/?s={search_term_string}"},"query-input":{"@type":"PropertyValueSpecification","valueRequired":true,"valueName":"search_term_string"}}],"inLanguage":"en-US"},{"@type":"Organization","@id":"https:\/\/ebikedoki.hu\/#organization","name":"Ebikepont","url":"https:\/\/ebikedoki.hu\/","logo":{"@type":"ImageObject","inLanguage":"en-US","@id":"https:\/\/ebikedoki.hu\/#\/schema\/logo\/image\/","url":"https:\/\/ebikedoki.hu\/wp-content\/uploads\/2022\/06\/logo05.png","contentUrl":"https:\/\/ebikedoki.hu\/wp-content\/uploads\/2022\/06\/logo05.png","width":2912,"height":610,"caption":"Ebikepont"},"image":{"@id":"https:\/\/ebikedoki.hu\/#\/schema\/logo\/image\/"},"sameAs":["https:\/\/www.facebook.com\/ebikepont"]}]}},"_links":{"self":[{"href":"https:\/\/ebikedoki.hu\/en\/wp-json\/wp\/v2\/pages\/2639","targetHints":{"allow":["GET"]}}],"collection":[{"href":"https:\/\/ebikedoki.hu\/en\/wp-json\/wp\/v2\/pages"}],"about":[{"href":"https:\/\/ebikedoki.hu\/en\/wp-json\/wp\/v2\/types\/page"}],"author":[{"embeddable":true,"href":"https:\/\/ebikedoki.hu\/en\/wp-json\/wp\/v2\/users\/1"}],"replies":[{"embeddable":true,"href":"https:\/\/ebikedoki.hu\/en\/wp-json\/wp\/v2\/comments?post=2639"}],"version-history":[{"count":0,"href":"https:\/\/ebikedoki.hu\/en\/wp-json\/wp\/v2\/pages\/2639\/revisions"}],"wp:attachment":[{"href":"https:\/\/ebikedoki.hu\/en\/wp-json\/wp\/v2\/media?parent=2639"}],"curies":[{"name":"wp","href":"https:\/\/api.w.org\/{rel}","templated":true}]}}